{"id":18,"date":"2023-09-16T12:07:22","date_gmt":"2023-09-16T12:07:22","guid":{"rendered":"https:\/\/www.sonoterra.it\/edizione2024\/edizione2024\/?page_id=18"},"modified":"2025-06-24T15:04:49","modified_gmt":"2025-06-24T15:04:49","slug":"home","status":"publish","type":"page","link":"https:\/\/www.sonoterra.it\/edizione2024\/","title":{"rendered":"Home"},"content":{"rendered":"<section class=\"l-section wpb_row us_custom_12829b65 us_animate_this height_auto width_full\"><div class=\"l-section-h i-cf\"><div class=\"g-cols vc_row via_grid cols_1 laptops-cols_inherit tablets-cols_inherit mobiles-cols_1 valign_top type_default stacking_default\"><div class=\"wpb_column vc_column_container\"><div class=\"vc_column-inner\">\n\t\t\t<!-- START Slider 3 REVOLUTION SLIDER 6.6.11 --><p class=\"rs-p-wp-fix\"><\/p>\n\t\t\t<rs-module-wrap id=\"rev_slider_1_1_wrapper\" data-source=\"gallery\" style=\"visibility:hidden;background:transparent;padding:0;margin:0px auto;margin-top:0;margin-bottom:0;\">\n\t\t\t\t<rs-module id=\"rev_slider_1_1\" style=\"\" data-version=\"6.6.11\">\n\t\t\t\t\t<rs-slides style=\"overflow: hidden; position: absolute;\">\n\t\t\t\t\t\t<rs-slide style=\"position: absolute;\" data-key=\"rs-1\" data-title=\"Fare\" data-in=\"o:0;\" data-out=\"a:false;\">\n\t\t\t\t\t\t\t<img decoding=\"async\" src=\"\/\/www.sonoterra.it\/edizione2024\/wp-content\/plugins\/revslider\/public\/assets\/assets\/dummy.png\" alt=\"Fare\" title=\"Home\" class=\"rev-slidebg tp-rs-img rs-lazyload\" data-lazyload=\"\/\/www.sonoterra.it\/edizione2024\/wp-content\/plugins\/revslider\/public\/assets\/assets\/transparent.png\" data-no-retina>\n<!--\n\t\t\t\t\t\t\t--><rs-layer\n\t\t\t\t\t\t\t\tid=\"slider-1-slide-1-layer-0\" \n\t\t\t\t\t\t\t\tdata-type=\"image\"\n\t\t\t\t\t\t\t\tdata-rsp_ch=\"on\"\n\t\t\t\t\t\t\t\tdata-xy=\"x:l,l,c,c;xo:43px,31px,0,0;yo:11px,9px,6px,8px;\"\n\t\t\t\t\t\t\t\tdata-text=\"w:normal;s:20,10,7,4;l:0,13,9,6;\"\n\t\t\t\t\t\t\t\tdata-dim=\"w:1304px,735px,737px,454px;h:733px,420px,421px,259px;\"\n\t\t\t\t\t\t\t\tdata-frame_0=\"x:100%;\"\n\t\t\t\t\t\t\t\tdata-frame_0_mask=\"u:t;\"\n\t\t\t\t\t\t\t\tdata-frame_1=\"sp:1000;\"\n\t\t\t\t\t\t\t\tdata-frame_1_mask=\"u:t;\"\n\t\t\t\t\t\t\t\tdata-frame_999=\"o:0;st:w;\"\n\t\t\t\t\t\t\t\tstyle=\"z-index:5;\"\n\t\t\t\t\t\t\t><img decoding=\"async\" src=\"\/\/www.sonoterra.it\/edizione2024\/wp-content\/plugins\/revslider\/public\/assets\/assets\/dummy.png\" alt=\"\" class=\"tp-rs-img rs-lazyload\" width=\"1900\" height=\"1068\" data-lazyload=\"\/\/www.sonoterra.it\/edizione2024\/wp-content\/uploads\/2025\/06\/STF2024_Bassa-001.jpg\" data-no-retina> \n\t\t\t\t\t\t\t<\/rs-layer><!--\n\n\t\t\t\t\t\t\t--><rs-layer\n\t\t\t\t\t\t\t\tid=\"slider-1-slide-1-layer-1\" \n\t\t\t\t\t\t\t\tdata-type=\"shape\"\n\t\t\t\t\t\t\t\tdata-rsp_ch=\"on\"\n\t\t\t\t\t\t\t\tdata-xy=\"x:l,l,c,c;xo:1367px,781px,0,0;yo:11px,5px,454px,280px;\"\n\t\t\t\t\t\t\t\tdata-text=\"w:normal;s:20,10,7,4;l:0,13,9,6;\"\n\t\t\t\t\t\t\t\tdata-dim=\"w:517px,230px,741px,457px;h:744px,422px,434px,403px;\"\n\t\t\t\t\t\t\t\tdata-frame_0=\"x:0,0,0px,0px;y:0,0,0px,0px;\"\n\t\t\t\t\t\t\t\tdata-frame_1=\"x:0,0,0px,0px;y:0,0,0px,0px;\"\n\t\t\t\t\t\t\t\tdata-frame_999=\"o:0;st:w;\"\n\t\t\t\t\t\t\t\tstyle=\"z-index:6;background-color:#e9bc00;\"\n\t\t\t\t\t\t\t> \n\t\t\t\t\t\t\t<\/rs-layer><!--\n\n\t\t\t\t\t\t\t--><rs-layer\n\t\t\t\t\t\t\t\tid=\"slider-1-slide-1-layer-2\" \n\t\t\t\t\t\t\t\tdata-type=\"text\"\n\t\t\t\t\t\t\t\tdata-color=\"#000000\"\n\t\t\t\t\t\t\t\tdata-rsp_ch=\"on\"\n\t\t\t\t\t\t\t\tdata-xy=\"xo:1440px,801px,76px,46px;yo:69px,38px,484px,298px;\"\n\t\t\t\t\t\t\t\tdata-text=\"w:normal;s:50,28,62,38;l:63,36,80,49;fw:700;\"\n\t\t\t\t\t\t\t\tdata-frame_0=\"y:100%;\"\n\t\t\t\t\t\t\t\tdata-frame_0_mask=\"u:t;\"\n\t\t\t\t\t\t\t\tdata-frame_1=\"sp:1200;\"\n\t\t\t\t\t\t\t\tdata-frame_1_mask=\"u:t;\"\n\t\t\t\t\t\t\t\tdata-frame_999=\"o:0;st:w;\"\n\t\t\t\t\t\t\t\tstyle=\"z-index:7;font-family:'Bodoni Moda';\"\n\t\t\t\t\t\t\t>FARE \n\t\t\t\t\t\t\t<\/rs-layer><!--\n\n\t\t\t\t\t\t\t--><rs-layer\n\t\t\t\t\t\t\t\tid=\"slider-1-slide-1-layer-3\" \n\t\t\t\t\t\t\t\tdata-type=\"text\"\n\t\t\t\t\t\t\t\tdata-color=\"#000000\"\n\t\t\t\t\t\t\t\tdata-rsp_ch=\"on\"\n\t\t\t\t\t\t\t\tdata-xy=\"xo:1440px,802px,80px,49px;yo:153px,81px,569px,351px;\"\n\t\t\t\t\t\t\t\tdata-text=\"w:normal;s:22,12,17,14;l:25,15,23,19;fw:700;\"\n\t\t\t\t\t\t\t\tdata-dim=\"w:382px,189px,616px,382px;\"\n\t\t\t\t\t\t\t\tdata-frame_0=\"y:100%;\"\n\t\t\t\t\t\t\t\tdata-frame_0_mask=\"u:t;\"\n\t\t\t\t\t\t\t\tdata-frame_1=\"sp:1200;\"\n\t\t\t\t\t\t\t\tdata-frame_1_mask=\"u:t;\"\n\t\t\t\t\t\t\t\tdata-frame_999=\"o:0;st:w;\"\n\t\t\t\t\t\t\t\tstyle=\"z-index:8;font-family:'Bodoni Moda';\"\n\t\t\t\t\t\t\t>\u2026 quel modo di fare agricoltura che produce paesaggi e genera \u201cbont\u00e0\u201d<br \/>\n<br \/>\nIl verbo \u201cfare\u201d implica un\u2019azione, mette in moto processi e dinamiche. <br \/>\nLa produzione di un bene \u00e8 preceduta da un pensiero, da un\u2019idea, spesso da calcoli, stime o valutazioni di ogni genere, che portano poi a fare questo, quello o altro ancora. \u00c8 un fare che genera altro fare, sono azioni che ricadono tutt\u2019intorno. \u00c8 una mente spesso inquieta, dinamica, che si riposa nella ricerca ed in una prospettiva immaginata o anche solo sognata, eppure realizzata!<br \/>\n<br \/>\n \n\t\t\t\t\t\t\t<\/rs-layer><!--\n-->\t\t\t\t\t\t<\/rs-slide>\n\t\t\t\t\t\t<rs-slide style=\"position: absolute;\" data-key=\"rs-2\" data-title=\"Ricercare\" data-in=\"o:0;\" data-out=\"a:false;\">\n\t\t\t\t\t\t\t<img decoding=\"async\" src=\"\/\/www.sonoterra.it\/edizione2024\/wp-content\/plugins\/revslider\/public\/assets\/assets\/dummy.png\" alt=\"Ricercare\" title=\"Home\" class=\"rev-slidebg tp-rs-img rs-lazyload\" data-lazyload=\"\/\/www.sonoterra.it\/edizione2024\/wp-content\/plugins\/revslider\/public\/assets\/assets\/transparent.png\" data-no-retina>\n<!--\n\t\t\t\t\t\t\t--><rs-layer\n\t\t\t\t\t\t\t\tid=\"slider-1-slide-2-layer-0\" \n\t\t\t\t\t\t\t\tdata-type=\"image\"\n\t\t\t\t\t\t\t\tdata-rsp_ch=\"on\"\n\t\t\t\t\t\t\t\tdata-xy=\"x:l,l,c,c;xo:43px,31px,0,0;yo:11px,9px,6px,8px;\"\n\t\t\t\t\t\t\t\tdata-text=\"w:normal;s:20,10,7,4;l:0,13,9,6;\"\n\t\t\t\t\t\t\t\tdata-dim=\"w:1304px,735px,737px,454px;h:733px,420px,421px,259px;\"\n\t\t\t\t\t\t\t\tdata-frame_0=\"x:100%;\"\n\t\t\t\t\t\t\t\tdata-frame_0_mask=\"u:t;\"\n\t\t\t\t\t\t\t\tdata-frame_1=\"sp:1000;\"\n\t\t\t\t\t\t\t\tdata-frame_1_mask=\"u:t;\"\n\t\t\t\t\t\t\t\tdata-frame_999=\"o:0;st:5000;\"\n\t\t\t\t\t\t\t\tstyle=\"z-index:5;\"\n\t\t\t\t\t\t\t><img decoding=\"async\" src=\"\/\/www.sonoterra.it\/edizione2024\/wp-content\/plugins\/revslider\/public\/assets\/assets\/dummy.png\" alt=\"\" class=\"tp-rs-img rs-lazyload\" width=\"1900\" height=\"1068\" data-lazyload=\"\/\/www.sonoterra.it\/edizione2024\/wp-content\/uploads\/2025\/06\/STF2024_Bassa-010.jpg\" data-no-retina> \n\t\t\t\t\t\t\t<\/rs-layer><!--\n\n\t\t\t\t\t\t\t--><rs-layer\n\t\t\t\t\t\t\t\tid=\"slider-1-slide-2-layer-1\" \n\t\t\t\t\t\t\t\tdata-type=\"shape\"\n\t\t\t\t\t\t\t\tdata-rsp_ch=\"on\"\n\t\t\t\t\t\t\t\tdata-xy=\"x:l,l,c,c;xo:1367px,781px,0,0;yo:11px,5px,454px,280px;\"\n\t\t\t\t\t\t\t\tdata-text=\"w:normal;s:20,10,7,4;l:0,13,9,6;\"\n\t\t\t\t\t\t\t\tdata-dim=\"w:517px,230px,741px,457px;h:744px,422px,434px,403px;\"\n\t\t\t\t\t\t\t\tdata-frame_0=\"x:0,0,0px,0px;y:0,0,0px,0px;\"\n\t\t\t\t\t\t\t\tdata-frame_1=\"x:0,0,0px,0px;y:0,0,0px,0px;\"\n\t\t\t\t\t\t\t\tdata-frame_999=\"o:0;st:5000;\"\n\t\t\t\t\t\t\t\tstyle=\"z-index:6;background-color:#e9bc00;\"\n\t\t\t\t\t\t\t> \n\t\t\t\t\t\t\t<\/rs-layer><!--\n\n\t\t\t\t\t\t\t--><rs-layer\n\t\t\t\t\t\t\t\tid=\"slider-1-slide-2-layer-2\" \n\t\t\t\t\t\t\t\tdata-type=\"text\"\n\t\t\t\t\t\t\t\tdata-color=\"#000000\"\n\t\t\t\t\t\t\t\tdata-rsp_ch=\"on\"\n\t\t\t\t\t\t\t\tdata-xy=\"xo:1440px,801px,76px,46px;yo:69px,38px,484px,298px;\"\n\t\t\t\t\t\t\t\tdata-text=\"w:normal;s:50,28,62,38;l:63,36,80,49;fw:700;\"\n\t\t\t\t\t\t\t\tdata-frame_0=\"y:100%;\"\n\t\t\t\t\t\t\t\tdata-frame_0_mask=\"u:t;\"\n\t\t\t\t\t\t\t\tdata-frame_1=\"sp:1200;\"\n\t\t\t\t\t\t\t\tdata-frame_1_mask=\"u:t;\"\n\t\t\t\t\t\t\t\tdata-frame_999=\"o:0;st:5000;\"\n\t\t\t\t\t\t\t\tstyle=\"z-index:7;font-family:'Bodoni Moda';\"\n\t\t\t\t\t\t\t>RICERCARE \n\t\t\t\t\t\t\t<\/rs-layer><!--\n\n\t\t\t\t\t\t\t--><rs-layer\n\t\t\t\t\t\t\t\tid=\"slider-1-slide-2-layer-3\" \n\t\t\t\t\t\t\t\tdata-type=\"text\"\n\t\t\t\t\t\t\t\tdata-color=\"#000000\"\n\t\t\t\t\t\t\t\tdata-rsp_ch=\"on\"\n\t\t\t\t\t\t\t\tdata-xy=\"xo:1440px,802px,80px,49px;yo:153px,81px,569px,351px;\"\n\t\t\t\t\t\t\t\tdata-text=\"w:normal;s:22,12,17,14;l:25,15,23,19;fw:700;\"\n\t\t\t\t\t\t\t\tdata-dim=\"w:382px,189px,616px,382px;\"\n\t\t\t\t\t\t\t\tdata-frame_0=\"y:100%;\"\n\t\t\t\t\t\t\t\tdata-frame_0_mask=\"u:t;\"\n\t\t\t\t\t\t\t\tdata-frame_1=\"sp:1200;\"\n\t\t\t\t\t\t\t\tdata-frame_1_mask=\"u:t;\"\n\t\t\t\t\t\t\t\tdata-frame_999=\"o:0;st:5000;\"\n\t\t\t\t\t\t\t\tstyle=\"z-index:8;font-family:'Bodoni Moda';\"\n\t\t\t\t\t\t\t>\u2026 perch\u00e9 nella ricerca si ritrova stimolo e motivazione<br \/>\n<br \/>\n<i>Cercare di nuovo - cercare con impegno e attenzione \u2013 penetrare \u2013 scegliere con molta cura<\/i>. Diverse le accezioni del verbo, tutte afferenti ad un atteggiamento volto alla profondit\u00e0 delle cose. Profondit\u00e0 scandagliata in uno scavo fatto di cumuli, vasellame e terra o attraverso una lente per letture microscopiche o in un archivio che sa di polvere e carta, tra le mura di un laboratorio tra camici e provette. In questa ricerca oculata ed attenta del profondo si rivela l\u2019anima, si trovano le risposte, emergono le soluzioni. <br \/>\n \n\t\t\t\t\t\t\t<\/rs-layer><!--\n-->\t\t\t\t\t\t<\/rs-slide>\n\t\t\t\t\t\t<rs-slide style=\"position: absolute;\" data-key=\"rs-3\" data-title=\"Abitare\" data-in=\"o:0;\" data-out=\"a:false;\">\n\t\t\t\t\t\t\t<img decoding=\"async\" src=\"\/\/www.sonoterra.it\/edizione2024\/wp-content\/plugins\/revslider\/public\/assets\/assets\/dummy.png\" alt=\"Abitare\" title=\"Home\" class=\"rev-slidebg tp-rs-img rs-lazyload\" data-lazyload=\"\/\/www.sonoterra.it\/edizione2024\/wp-content\/plugins\/revslider\/public\/assets\/assets\/transparent.png\" data-no-retina>\n<!--\n\t\t\t\t\t\t\t--><rs-layer\n\t\t\t\t\t\t\t\tid=\"slider-1-slide-3-layer-0\" \n\t\t\t\t\t\t\t\tdata-type=\"image\"\n\t\t\t\t\t\t\t\tdata-rsp_ch=\"on\"\n\t\t\t\t\t\t\t\tdata-xy=\"x:l,l,c,c;xo:43px,31px,0,0;yo:11px,9px,6px,8px;\"\n\t\t\t\t\t\t\t\tdata-text=\"w:normal;s:20,10,7,4;l:0,13,9,6;\"\n\t\t\t\t\t\t\t\tdata-dim=\"w:1304px,735px,737px,454px;h:733px,420px,421px,259px;\"\n\t\t\t\t\t\t\t\tdata-frame_0=\"x:100%;\"\n\t\t\t\t\t\t\t\tdata-frame_0_mask=\"u:t;\"\n\t\t\t\t\t\t\t\tdata-frame_1=\"sp:1000;\"\n\t\t\t\t\t\t\t\tdata-frame_1_mask=\"u:t;\"\n\t\t\t\t\t\t\t\tdata-frame_999=\"o:0;st:5000;\"\n\t\t\t\t\t\t\t\tstyle=\"z-index:5;\"\n\t\t\t\t\t\t\t><img decoding=\"async\" src=\"\/\/www.sonoterra.it\/edizione2024\/wp-content\/plugins\/revslider\/public\/assets\/assets\/dummy.png\" alt=\"\" class=\"tp-rs-img rs-lazyload\" width=\"1900\" height=\"1068\" data-lazyload=\"\/\/www.sonoterra.it\/edizione2024\/wp-content\/uploads\/2025\/06\/STF2024_Bassa-063.jpg\" data-no-retina> \n\t\t\t\t\t\t\t<\/rs-layer><!--\n\n\t\t\t\t\t\t\t--><rs-layer\n\t\t\t\t\t\t\t\tid=\"slider-1-slide-3-layer-1\" \n\t\t\t\t\t\t\t\tdata-type=\"shape\"\n\t\t\t\t\t\t\t\tdata-rsp_ch=\"on\"\n\t\t\t\t\t\t\t\tdata-xy=\"x:l,l,c,c;xo:1367px,781px,0,0;yo:11px,5px,454px,280px;\"\n\t\t\t\t\t\t\t\tdata-text=\"w:normal;s:20,10,7,4;l:0,13,9,6;\"\n\t\t\t\t\t\t\t\tdata-dim=\"w:517px,230px,741px,457px;h:744px,422px,434px,403px;\"\n\t\t\t\t\t\t\t\tdata-frame_0=\"x:0,0,0px,0px;y:0,0,0px,0px;\"\n\t\t\t\t\t\t\t\tdata-frame_1=\"x:0,0,0px,0px;y:0,0,0px,0px;\"\n\t\t\t\t\t\t\t\tdata-frame_999=\"o:0;st:5000;\"\n\t\t\t\t\t\t\t\tstyle=\"z-index:6;background-color:#e9bc00;\"\n\t\t\t\t\t\t\t> \n\t\t\t\t\t\t\t<\/rs-layer><!--\n\n\t\t\t\t\t\t\t--><rs-layer\n\t\t\t\t\t\t\t\tid=\"slider-1-slide-3-layer-2\" \n\t\t\t\t\t\t\t\tdata-type=\"text\"\n\t\t\t\t\t\t\t\tdata-color=\"#000000\"\n\t\t\t\t\t\t\t\tdata-rsp_ch=\"on\"\n\t\t\t\t\t\t\t\tdata-xy=\"xo:1440px,801px,76px,46px;yo:69px,38px,484px,298px;\"\n\t\t\t\t\t\t\t\tdata-text=\"w:normal;s:50,28,62,38;l:63,36,80,49;fw:700;\"\n\t\t\t\t\t\t\t\tdata-frame_0=\"y:100%;\"\n\t\t\t\t\t\t\t\tdata-frame_0_mask=\"u:t;\"\n\t\t\t\t\t\t\t\tdata-frame_1=\"sp:1200;\"\n\t\t\t\t\t\t\t\tdata-frame_1_mask=\"u:t;\"\n\t\t\t\t\t\t\t\tdata-frame_999=\"o:0;st:5000;\"\n\t\t\t\t\t\t\t\tstyle=\"z-index:7;font-family:'Bodoni Moda';\"\n\t\t\t\t\t\t\t>ABITARE \n\t\t\t\t\t\t\t<\/rs-layer><!--\n\n\t\t\t\t\t\t\t--><rs-layer\n\t\t\t\t\t\t\t\tid=\"slider-1-slide-3-layer-3\" \n\t\t\t\t\t\t\t\tdata-type=\"text\"\n\t\t\t\t\t\t\t\tdata-color=\"#000000\"\n\t\t\t\t\t\t\t\tdata-rsp_ch=\"on\"\n\t\t\t\t\t\t\t\tdata-xy=\"xo:1440px,802px,80px,49px;yo:153px,81px,569px,351px;\"\n\t\t\t\t\t\t\t\tdata-text=\"w:normal;s:22,12,17,14;l:25,15,23,19;fw:700;\"\n\t\t\t\t\t\t\t\tdata-dim=\"w:382px,189px,616px,382px;\"\n\t\t\t\t\t\t\t\tdata-frame_0=\"y:100%;\"\n\t\t\t\t\t\t\t\tdata-frame_0_mask=\"u:t;\"\n\t\t\t\t\t\t\t\tdata-frame_1=\"sp:1200;\"\n\t\t\t\t\t\t\t\tdata-frame_1_mask=\"u:t;\"\n\t\t\t\t\t\t\t\tdata-frame_999=\"o:0;st:5000;\"\n\t\t\t\t\t\t\t\tstyle=\"z-index:8;font-family:'Bodoni Moda';\"\n\t\t\t\t\t\t\t>\u2026 il luogo da vivere, il luogo da abitare<br \/>\n<br \/>\nSi racconta che i monaci, ai tempi, costruissero i monasteri in luoghi isolati e paludosi con il preciso obiettivo di bonificarli. Mettevano dunque in atto tecniche adatte a trasformare quei luoghi inospitali per renderli aree prospere e regimentate.<br \/>\nAbitare \u00e8 fare casa ed oltre, \u00e8 rendere ospitale un ambiente che potrebbe non essere tale; \u00e8 migliorare, abbellire, curare, innovare\u2026 la propria casa, il quartiere, il paese, ovunque si lavori, tutto intorno. <br \/>\n \n\t\t\t\t\t\t\t<\/rs-layer><!--\n-->\t\t\t\t\t\t<\/rs-slide>\n\t\t\t\t\t\t<rs-slide style=\"position: absolute;\" data-key=\"rs-4\" data-title=\"Coltivare\" data-in=\"o:0;\" data-out=\"a:false;\">\n\t\t\t\t\t\t\t<img decoding=\"async\" src=\"\/\/www.sonoterra.it\/edizione2024\/wp-content\/plugins\/revslider\/public\/assets\/assets\/dummy.png\" alt=\"Coltivare\" title=\"Home\" class=\"rev-slidebg tp-rs-img rs-lazyload\" data-lazyload=\"\/\/www.sonoterra.it\/edizione2024\/wp-content\/plugins\/revslider\/public\/assets\/assets\/transparent.png\" data-no-retina>\n<!--\n\t\t\t\t\t\t\t--><rs-layer\n\t\t\t\t\t\t\t\tid=\"slider-1-slide-4-layer-0\" \n\t\t\t\t\t\t\t\tdata-type=\"image\"\n\t\t\t\t\t\t\t\tdata-rsp_ch=\"on\"\n\t\t\t\t\t\t\t\tdata-xy=\"x:l,l,c,c;xo:43px,31px,0,0;yo:11px,9px,6px,8px;\"\n\t\t\t\t\t\t\t\tdata-text=\"w:normal;s:20,10,7,4;l:0,13,9,6;\"\n\t\t\t\t\t\t\t\tdata-dim=\"w:1304px,735px,737px,454px;h:733px,420px,421px,259px;\"\n\t\t\t\t\t\t\t\tdata-frame_0=\"x:100%;\"\n\t\t\t\t\t\t\t\tdata-frame_0_mask=\"u:t;\"\n\t\t\t\t\t\t\t\tdata-frame_1=\"sp:1000;\"\n\t\t\t\t\t\t\t\tdata-frame_1_mask=\"u:t;\"\n\t\t\t\t\t\t\t\tdata-frame_999=\"o:0;st:5000;\"\n\t\t\t\t\t\t\t\tstyle=\"z-index:5;\"\n\t\t\t\t\t\t\t><img decoding=\"async\" src=\"\/\/www.sonoterra.it\/edizione2024\/wp-content\/plugins\/revslider\/public\/assets\/assets\/dummy.png\" alt=\"\" class=\"tp-rs-img rs-lazyload\" width=\"1900\" height=\"1068\" data-lazyload=\"\/\/www.sonoterra.it\/edizione2024\/wp-content\/uploads\/2025\/06\/STF2024_Bassa-015.jpg\" data-no-retina> \n\t\t\t\t\t\t\t<\/rs-layer><!--\n\n\t\t\t\t\t\t\t--><rs-layer\n\t\t\t\t\t\t\t\tid=\"slider-1-slide-4-layer-1\" \n\t\t\t\t\t\t\t\tdata-type=\"shape\"\n\t\t\t\t\t\t\t\tdata-rsp_ch=\"on\"\n\t\t\t\t\t\t\t\tdata-xy=\"x:l,l,c,c;xo:1367px,781px,0,0;yo:11px,5px,454px,280px;\"\n\t\t\t\t\t\t\t\tdata-text=\"w:normal;s:20,10,7,4;l:0,13,9,6;\"\n\t\t\t\t\t\t\t\tdata-dim=\"w:517px,230px,741px,457px;h:744px,422px,434px,403px;\"\n\t\t\t\t\t\t\t\tdata-frame_0=\"x:0,0,0px,0px;y:0,0,0px,0px;\"\n\t\t\t\t\t\t\t\tdata-frame_1=\"x:0,0,0px,0px;y:0,0,0px,0px;\"\n\t\t\t\t\t\t\t\tdata-frame_999=\"o:0;st:5000;\"\n\t\t\t\t\t\t\t\tstyle=\"z-index:6;background-color:#e9bc00;\"\n\t\t\t\t\t\t\t> \n\t\t\t\t\t\t\t<\/rs-layer><!--\n\n\t\t\t\t\t\t\t--><rs-layer\n\t\t\t\t\t\t\t\tid=\"slider-1-slide-4-layer-2\" \n\t\t\t\t\t\t\t\tdata-type=\"text\"\n\t\t\t\t\t\t\t\tdata-color=\"#000000\"\n\t\t\t\t\t\t\t\tdata-rsp_ch=\"on\"\n\t\t\t\t\t\t\t\tdata-xy=\"xo:1440px,801px,76px,46px;yo:69px,38px,484px,298px;\"\n\t\t\t\t\t\t\t\tdata-text=\"w:normal;s:50,28,62,38;l:63,36,80,49;fw:700;\"\n\t\t\t\t\t\t\t\tdata-frame_0=\"y:100%;\"\n\t\t\t\t\t\t\t\tdata-frame_0_mask=\"u:t;\"\n\t\t\t\t\t\t\t\tdata-frame_1=\"sp:1200;\"\n\t\t\t\t\t\t\t\tdata-frame_1_mask=\"u:t;\"\n\t\t\t\t\t\t\t\tdata-frame_999=\"o:0;st:5000;\"\n\t\t\t\t\t\t\t\tstyle=\"z-index:7;font-family:'Bodoni Moda';\"\n\t\t\t\t\t\t\t>COLTIVARE \n\t\t\t\t\t\t\t<\/rs-layer><!--\n\n\t\t\t\t\t\t\t--><rs-layer\n\t\t\t\t\t\t\t\tid=\"slider-1-slide-4-layer-3\" \n\t\t\t\t\t\t\t\tdata-type=\"text\"\n\t\t\t\t\t\t\t\tdata-color=\"#000000\"\n\t\t\t\t\t\t\t\tdata-rsp_ch=\"on\"\n\t\t\t\t\t\t\t\tdata-xy=\"xo:1440px,802px,80px,49px;yo:153px,81px,569px,351px;\"\n\t\t\t\t\t\t\t\tdata-text=\"w:normal;s:22,12,17,14;l:25,15,23,19;fw:700;\"\n\t\t\t\t\t\t\t\tdata-dim=\"w:382px,189px,616px,382px;\"\n\t\t\t\t\t\t\t\tdata-frame_0=\"y:100%;\"\n\t\t\t\t\t\t\t\tdata-frame_0_mask=\"u:t;\"\n\t\t\t\t\t\t\t\tdata-frame_1=\"sp:1200;\"\n\t\t\t\t\t\t\t\tdata-frame_1_mask=\"u:t;\"\n\t\t\t\t\t\t\t\tdata-frame_999=\"o:0;st:5000;\"\n\t\t\t\t\t\t\t\tstyle=\"z-index:8;font-family:'Bodoni Moda';\"\n\t\t\t\t\t\t\t>\u2026 si coltiva un sogno, un desiderio, cos\u00ec come si mette a coltura un terreno<br \/>\n<br \/>\nAd un punto della storia, in una data fase della sua evoluzione, l\u2019essere umano e il mondo vegetale hanno instaurato un rapporto di dipendenza reciproca. L\u2019uomo, selezionando le varie specie vegetali che si sono via via adattate a nuovi contesti ed habitat, ha data inizio ad un processo di domesticazione tutt\u2019ora in corso. Nella stupefacente storia delle sue origini, l\u2019essere umano fa agricoltura, prendendosi cura di s\u00e9 e del virtuoso sistema che \u00e8 stato capace di generare.  \n\t\t\t\t\t\t\t<\/rs-layer><!--\n-->\t\t\t\t\t\t<\/rs-slide>\n\t\t\t\t\t<\/rs-slides>\n\t\t\t\t\t<rs-static-layers><!--\n\n\t\t\t\t\t\t\t--><rs-layer\n\t\t\t\t\t\t\t\tid=\"slider-1-slide-1-layer-6\" \n\t\t\t\t\t\t\t\tclass=\"rs-layer-static\"\n\t\t\t\t\t\t\t\tdata-type=\"text\"\n\t\t\t\t\t\t\t\tdata-color=\"#000000\"\n\t\t\t\t\t\t\t\tdata-rsp_ch=\"on\"\n\t\t\t\t\t\t\t\tdata-xy=\"xo:1441px,804px,83px,52px;yo:683px,390px,803px,610px;\"\n\t\t\t\t\t\t\t\tdata-text=\"w:normal;s:40,21,44,40;l:50,26,56,49;\"\n\t\t\t\t\t\t\t\tdata-actions='o:click;a:jumptoslide;slide:previous;'\n\t\t\t\t\t\t\t\tdata-onslides=\"s:1;\"\n\t\t\t\t\t\t\t\tdata-frame_999=\"o:0;st:w;\"\n\t\t\t\t\t\t\t\tstyle=\"z-index:7;font-family:'Roboto';\"\n\t\t\t\t\t\t\t>< \n\t\t\t\t\t\t\t<\/rs-layer><!--\n\n\t\t\t\t\t\t\t--><rs-layer\n\t\t\t\t\t\t\t\tid=\"slider-1-slide-1-layer-8\" \n\t\t\t\t\t\t\t\tclass=\"rs-layer-static\"\n\t\t\t\t\t\t\t\tdata-type=\"text\"\n\t\t\t\t\t\t\t\tdata-color=\"#000000\"\n\t\t\t\t\t\t\t\tdata-rsp_ch=\"on\"\n\t\t\t\t\t\t\t\tdata-xy=\"xo:1794px,973px,674px,408px;yo:683px,390px,809px,622px;\"\n\t\t\t\t\t\t\t\tdata-text=\"w:normal;s:40,21,44,40;l:50,26,37,22;\"\n\t\t\t\t\t\t\t\tdata-actions='o:click;a:jumptoslide;slide:next;'\n\t\t\t\t\t\t\t\tdata-onslides=\"s:1;\"\n\t\t\t\t\t\t\t\tdata-frame_999=\"o:0;st:w;\"\n\t\t\t\t\t\t\t\tstyle=\"z-index:6;font-family:'Roboto';\"\n\t\t\t\t\t\t\t>> \n\t\t\t\t\t\t\t<\/rs-layer><!--\n\t\t\t\t\t--><\/rs-static-layers>\n\t\t\t\t<\/rs-module>\n\t\t\t\t<script>\n\t\t\t\t\tsetREVStartSize({c: 'rev_slider_1_1',rl:[1240,1024,778,480],el:[770,450,900,700],gw:[1920,1024,778,480],gh:[770,450,900,700],type:'standard',justify:'',layout:'fullwidth',mh:\"0\"});if (window.RS_MODULES!==undefined && window.RS_MODULES.modules!==undefined && window.RS_MODULES.modules[\"revslider11\"]!==undefined) {window.RS_MODULES.modules[\"revslider11\"].once = false;window.revapi1 = undefined;if (window.RS_MODULES.checkMinimal!==undefined) window.RS_MODULES.checkMinimal()}\n\t\t\t\t<\/script>\n\t\t\t<\/rs-module-wrap>\n\t\t\t<!-- END REVOLUTION SLIDER -->\n<\/div><\/div><\/div><\/div><\/section><section class=\"l-section wpb_row hide_on_tablets hide_on_mobiles height_auto width_full\"><div class=\"l-section-h i-cf\"><div class=\"g-cols vc_row via_grid cols_1 laptops-cols_inherit tablets-cols_inherit mobiles-cols_1 valign_top type_default stacking_default\"><div class=\"wpb_column vc_column_container\"><div class=\"vc_column-inner\">\n\t\t\t<!-- START Slider 4 REVOLUTION SLIDER 6.6.11 --><p class=\"rs-p-wp-fix\"><\/p>\n\t\t\t<rs-module-wrap id=\"rev_slider_3_2_wrapper\" data-source=\"gallery\" style=\"visibility:hidden;background:transparent;padding:0;margin:0px auto;margin-top:0;margin-bottom:0;\">\n\t\t\t\t<rs-module id=\"rev_slider_3_2\" style=\"\" data-version=\"6.6.11\">\n\t\t\t\t\t<rs-slides style=\"overflow: hidden; position: absolute;\">\n\t\t\t\t\t\t<rs-slide style=\"position: absolute;\" data-key=\"rs-7\" data-title=\"Slide\" data-in=\"o:0;\" data-out=\"a:false;\">\n\t\t\t\t\t\t\t<img decoding=\"async\" src=\"\/\/www.sonoterra.it\/edizione2024\/wp-content\/plugins\/revslider\/public\/assets\/assets\/dummy.png\" alt=\"Slide\" title=\"Home\" class=\"rev-slidebg tp-rs-img rs-lazyload\" data-lazyload=\"\/\/www.sonoterra.it\/edizione2024\/wp-content\/plugins\/revslider\/public\/assets\/assets\/transparent.png\" data-no-retina>\n<!--\n\t\t\t\t\t\t\t--><rs-layer\n\t\t\t\t\t\t\t\tid=\"slider-3-slide-7-layer-0\" \n\t\t\t\t\t\t\t\tdata-type=\"text\"\n\t\t\t\t\t\t\t\tdata-color=\"#000000\"\n\t\t\t\t\t\t\t\tdata-rsp_ch=\"on\"\n\t\t\t\t\t\t\t\tdata-xy=\"x:c;y:c;\"\n\t\t\t\t\t\t\t\tdata-text=\"w:nowrap;s:162;l:202;a:center;\"\n\t\t\t\t\t\t\t\tdata-dim=\"w:3377;\"\n\t\t\t\t\t\t\t\tdata-frame_0=\"x:2700px;o:1;\"\n\t\t\t\t\t\t\t\tdata-frame_1=\"x:-2700px;y:1px;e:none;sp:9000;\"\n\t\t\t\t\t\t\t\tdata-frame_999=\"o:0;st:w;\"\n\t\t\t\t\t\t\t\tstyle=\"z-index:5;font-family:'Bodoni Moda';\"\n\t\t\t\t\t\t\t>IL FESTIVAL DI CHI SEMINA E RACCOGLIE \n\t\t\t\t\t\t\t<\/rs-layer><!--\n-->\t\t\t\t\t\t<\/rs-slide>\n\t\t\t\t\t\t<rs-slide style=\"position: absolute;\" data-key=\"rs-8\" data-title=\"Slide\" data-in=\"o:0;\" data-out=\"a:false;\">\n\t\t\t\t\t\t\t<img decoding=\"async\" src=\"\/\/www.sonoterra.it\/edizione2024\/wp-content\/plugins\/revslider\/public\/assets\/assets\/dummy.png\" alt=\"Slide\" title=\"Home\" class=\"rev-slidebg tp-rs-img rs-lazyload\" data-lazyload=\"\/\/www.sonoterra.it\/edizione2024\/wp-content\/plugins\/revslider\/public\/assets\/assets\/transparent.png\" data-no-retina>\n<!--\n\t\t\t\t\t\t\t--><rs-layer\n\t\t\t\t\t\t\t\tid=\"slider-3-slide-8-layer-0\" \n\t\t\t\t\t\t\t\tdata-type=\"text\"\n\t\t\t\t\t\t\t\tdata-color=\"#000000\"\n\t\t\t\t\t\t\t\tdata-rsp_ch=\"on\"\n\t\t\t\t\t\t\t\tdata-xy=\"x:c;y:c;\"\n\t\t\t\t\t\t\t\tdata-text=\"w:nowrap;s:162;l:202;a:center;\"\n\t\t\t\t\t\t\t\tdata-dim=\"w:3377;\"\n\t\t\t\t\t\t\t\tdata-frame_0=\"x:2700px;o:1;\"\n\t\t\t\t\t\t\t\tdata-frame_1=\"x:-2700px;y:1px;e:none;sp:9000;\"\n\t\t\t\t\t\t\t\tdata-frame_999=\"o:0;st:w;\"\n\t\t\t\t\t\t\t\tstyle=\"z-index:5;font-family:'Bodoni Moda';\"\n\t\t\t\t\t\t\t>IL FESTIVAL DI CHI SEMINA E RACCOGLIE \n\t\t\t\t\t\t\t<\/rs-layer><!--\n-->\t\t\t\t\t\t<\/rs-slide>\n\t\t\t\t\t<\/rs-slides>\n\t\t\t\t<\/rs-module>\n\t\t\t\t<script>\n\t\t\t\t\tsetREVStartSize({c: 'rev_slider_3_2',rl:[1240,1024,778,480],el:[200],gw:[1920],gh:[200],type:'standard',justify:'',layout:'fullwidth',mh:\"0\"});if (window.RS_MODULES!==undefined && window.RS_MODULES.modules!==undefined && window.RS_MODULES.modules[\"revslider32\"]!==undefined) {window.RS_MODULES.modules[\"revslider32\"].once = false;window.revapi3 = undefined;if (window.RS_MODULES.checkMinimal!==undefined) window.RS_MODULES.checkMinimal()}\n\t\t\t\t<\/script>\n\t\t\t<\/rs-module-wrap>\n\t\t\t<!-- END REVOLUTION SLIDER -->\n<div class=\"w-separator size_custom with_line width_default thick_1 style_solid color_border align_center\" style=\"height:5px\"><div class=\"w-separator-h\"><\/div><\/div><\/div><\/div><\/div><\/div><\/section><section class=\"l-section wpb_row hide_on_default hide_on_laptops height_auto width_full\"><div class=\"l-section-h i-cf\"><div class=\"g-cols vc_row via_grid cols_1 laptops-cols_inherit tablets-cols_inherit mobiles-cols_1 valign_top type_default stacking_default\"><div class=\"wpb_column vc_column_container\"><div class=\"vc_column-inner\">\n\t\t\t<!-- START Slider 4 mobile REVOLUTION SLIDER 6.6.11 --><p class=\"rs-p-wp-fix\"><\/p>\n\t\t\t<rs-module-wrap id=\"rev_slider_2_3_wrapper\" data-source=\"gallery\" style=\"visibility:hidden;background:transparent;padding:0;margin:0px auto;margin-top:0;margin-bottom:0;\">\n\t\t\t\t<rs-module id=\"rev_slider_2_3\" style=\"\" data-version=\"6.6.11\">\n\t\t\t\t\t<rs-slides style=\"overflow: hidden; position: absolute;\">\n\t\t\t\t\t\t<rs-slide style=\"position: absolute;\" data-key=\"rs-5\" data-title=\"Slide\" data-in=\"o:0;\" data-out=\"a:false;\">\n\t\t\t\t\t\t\t<img decoding=\"async\" src=\"\/\/www.sonoterra.it\/edizione2024\/wp-content\/plugins\/revslider\/public\/assets\/assets\/dummy.png\" alt=\"Slide\" title=\"Home\" class=\"rev-slidebg tp-rs-img rs-lazyload\" data-lazyload=\"\/\/www.sonoterra.it\/edizione2024\/wp-content\/plugins\/revslider\/public\/assets\/assets\/transparent.png\" data-no-retina>\n<!--\n\t\t\t\t\t\t\t--><rs-layer\n\t\t\t\t\t\t\t\tid=\"slider-2-slide-5-layer-0\" \n\t\t\t\t\t\t\t\tdata-type=\"text\"\n\t\t\t\t\t\t\t\tdata-color=\"#000000\"\n\t\t\t\t\t\t\t\tdata-rsp_ch=\"on\"\n\t\t\t\t\t\t\t\tdata-xy=\"x:c;y:m;\"\n\t\t\t\t\t\t\t\tdata-text=\"w:nowrap;s:162,162,162,108;l:202,202,202,132;a:center;\"\n\t\t\t\t\t\t\t\tdata-dim=\"w:3377,3377,3377,2270;\"\n\t\t\t\t\t\t\t\tdata-frame_0=\"x:2700px,2700px,2700px,1813px;o:1;\"\n\t\t\t\t\t\t\t\tdata-frame_1=\"x:-2700px,-2700px,-2700px,-1813px;y:1px,1px,1px,0px;e:none;sp:9000;\"\n\t\t\t\t\t\t\t\tdata-frame_999=\"o:0;st:w;\"\n\t\t\t\t\t\t\t\tstyle=\"z-index:5;font-family:'Bodoni Moda';\"\n\t\t\t\t\t\t\t>IL FESTIVAL DI CHI SEMINA E RACCOGLIE \n\t\t\t\t\t\t\t<\/rs-layer><!--\n-->\t\t\t\t\t\t<\/rs-slide>\n\t\t\t\t\t\t<rs-slide style=\"position: absolute;\" data-key=\"rs-6\" data-title=\"Slide\" data-in=\"o:0;\" data-out=\"a:false;\">\n\t\t\t\t\t\t\t<img decoding=\"async\" src=\"\/\/www.sonoterra.it\/edizione2024\/wp-content\/plugins\/revslider\/public\/assets\/assets\/dummy.png\" alt=\"Slide\" title=\"Home\" class=\"rev-slidebg tp-rs-img rs-lazyload\" data-lazyload=\"\/\/www.sonoterra.it\/edizione2024\/wp-content\/plugins\/revslider\/public\/assets\/assets\/transparent.png\" data-no-retina>\n<!--\n\t\t\t\t\t\t\t--><rs-layer\n\t\t\t\t\t\t\t\tid=\"slider-2-slide-6-layer-0\" \n\t\t\t\t\t\t\t\tdata-type=\"text\"\n\t\t\t\t\t\t\t\tdata-color=\"#000000\"\n\t\t\t\t\t\t\t\tdata-rsp_ch=\"on\"\n\t\t\t\t\t\t\t\tdata-xy=\"x:c;y:m;\"\n\t\t\t\t\t\t\t\tdata-text=\"w:nowrap;s:162,162,162,40;l:202,202,202,49;a:center;\"\n\t\t\t\t\t\t\t\tdata-dim=\"w:3377,3377,3377,844;\"\n\t\t\t\t\t\t\t\tdata-frame_0=\"x:2700px,2700px,2700px,674px;o:1;\"\n\t\t\t\t\t\t\t\tdata-frame_1=\"x:-2700px,-2700px,-2700px,-674px;y:1px,1px,1px,0px;e:none;sp:9000;\"\n\t\t\t\t\t\t\t\tdata-frame_999=\"o:0;st:w;\"\n\t\t\t\t\t\t\t\tstyle=\"z-index:5;font-family:'Bodoni Moda';\"\n\t\t\t\t\t\t\t>IL FESTIVAL DI CHI SEMINA E RACCOGLIE \n\t\t\t\t\t\t\t<\/rs-layer><!--\n-->\t\t\t\t\t\t<\/rs-slide>\n\t\t\t\t\t<\/rs-slides>\n\t\t\t\t<\/rs-module>\n\t\t\t\t<script>\n\t\t\t\t\tsetREVStartSize({c: 'rev_slider_2_3',rl:[1240,1240,1240,480],el:[200,200,200,150],gw:[1920,1920,1920,480],gh:[200,200,200,150],type:'standard',justify:'',layout:'fullwidth',mh:\"0\"});if (window.RS_MODULES!==undefined && window.RS_MODULES.modules!==undefined && window.RS_MODULES.modules[\"revslider23\"]!==undefined) {window.RS_MODULES.modules[\"revslider23\"].once = false;window.revapi2 = undefined;if (window.RS_MODULES.checkMinimal!==undefined) window.RS_MODULES.checkMinimal()}\n\t\t\t\t<\/script>\n\t\t\t<\/rs-module-wrap>\n\t\t\t<!-- END REVOLUTION SLIDER -->\n<div class=\"w-separator size_custom with_line width_default thick_1 style_solid color_border align_center\" style=\"height:5px\"><div class=\"w-separator-h\"><\/div><\/div><\/div><\/div><\/div><\/div><\/section><section class=\"l-section wpb_row height_small width_full\"><div class=\"l-section-h i-cf\"><div class=\"g-cols vc_row via_grid cols_1 laptops-cols_inherit tablets-cols_inherit mobiles-cols_1 valign_top type_default stacking_default\"><div class=\"wpb_column vc_column_container\"><div class=\"vc_column-inner\"><div class=\"w-video align_center ratio_16x9 has_iframe\"><div class=\"w-video-h\"><iframe title=\"Youtube video player\" src=\"\/\/www.youtube.com\/embed\/hDmmtrOl7gc?origin=https:\/\/www.sonoterra.it\/edizione2024&controls=1&autoplay=1\" allowfullscreen=\"1\" loading=\"lazy\"><\/iframe><\/div><div class=\"w-video-icon\" style=\"font-size:1.5rem;background:rgba(0,0,0,0.5);color:#fff\"><\/div><\/div><\/div><\/div><\/div><\/div><\/section><section class=\"l-section wpb_row us_custom_13015197 height_small width_full\"><div class=\"l-section-h i-cf\"><div class=\"g-cols vc_row via_grid cols_custom laptops-cols_inherit tablets-cols_inherit mobiles-cols_1 valign_top type_default stacking_default\" style=\"--custom-columns:3fr 1.5fr 1.5fr \"><div class=\"wpb_column vc_column_container us_custom_a518f36e us_animate_this\"><div class=\"vc_column-inner\"><div class=\"w-image align_center\"><div class=\"w-image-h\"><img loading=\"lazy\" decoding=\"async\" width=\"1024\" height=\"706\" src=\"https:\/\/www.sonoterra.it\/edizione2024\/wp-content\/uploads\/2024\/09\/home-melograno01-1024x706.jpg\" class=\"attachment-large size-large\" alt=\"\" srcset=\"https:\/\/www.sonoterra.it\/edizione2024\/wp-content\/uploads\/2024\/09\/home-melograno01-1024x706.jpg 1024w, https:\/\/www.sonoterra.it\/edizione2024\/wp-content\/uploads\/2024\/09\/home-melograno01-300x207.jpg 300w, https:\/\/www.sonoterra.it\/edizione2024\/wp-content\/uploads\/2024\/09\/home-melograno01.jpg 1232w\" sizes=\"auto, (max-width: 1024px) 100vw, 1024px\" \/><\/div><\/div><\/div><\/div><div class=\"wpb_column vc_column_container us_custom_de366d1c us_animate_this\"><div class=\"vc_column-inner\"><div class=\"wpb_text_column us_custom_a7cc6af9\"><div class=\"wpb_wrapper\"><p>VENERD\u00cc<br \/>\n11 ottobre 2024<\/p>\n<\/div><\/div><div class=\"w-separator size_small\"><\/div><div class=\"wpb_text_column us_custom_fe886e40\"><div class=\"wpb_wrapper\"><p><strong><span style=\"color: #e9bc00;\">ore 18:00<\/span><\/strong><br \/>\n<strong>VI edizione \u201cPremio SolcoMaggiore\u201d<\/strong><br \/>\nil premio che celebra le infinite prospettive che l\u2019agricoltura \u00e8 in grado di generare.<\/p>\n<p><em>interverranno inoltre:<\/em><br \/>\n<strong>Ermanno Tritto<\/strong><br \/>\nresponsabile relazioni del<br \/>\n<em><strong>Foody Mercato Agroalimentare Milano;<\/strong><\/em><\/p>\n<p><span style=\"color: #e9bc00;\"><a style=\"color: #e9bc00;\" href=\"https:\/\/www.sonoterra.it\/edizione2024\/edizione2024\/ospiti\/alfonso-iaccarino\/\"><strong>Alfonso Iaccarino<\/strong><\/a><\/span><br \/>\nchef del ristorante <em><strong>Don Alfonso 1890<\/strong><\/em><br \/>\ndi Sant\u2019Agata sui Due Golfi;<\/p>\n<p><span style=\"color: #e9bc00;\"><a style=\"color: #e9bc00;\" href=\"https:\/\/www.sonoterra.it\/edizione2024\/edizione2024\/ospiti\/selene-biffi\/\"><strong>Selene Biffi<\/strong><\/a><\/span><br \/>\ndi <strong><em>She Works for Peace<\/em><\/strong>.<\/p>\n<p><em>Intermezzi musicali:<\/em><br \/>\n<strong>M\u00b0 Barbara Guida<\/strong><br \/>\nchitarra e cetra,<br \/>\n<strong>M\u00b0 Annalisa Tarallo<\/strong><br \/>\nflauto.<\/p>\n<p><em>Degustazione dei prodotti del<\/em><br \/>\n<em>territorio.<\/em><\/p>\n<\/div><\/div><div class=\"w-separator size_small\"><\/div><\/div><\/div><div class=\"wpb_column vc_column_container us_custom_15a2201b us_animate_this\"><div class=\"vc_column-inner\"><div class=\"wpb_text_column us_custom_a7cc6af9\"><div class=\"wpb_wrapper\"><p>SABATO<br \/>\n12 ottobre 2024<\/p>\n<\/div><\/div><div class=\"w-separator size_small\"><\/div><div class=\"wpb_text_column us_custom_fe886e40\"><div class=\"wpb_wrapper\"><p><strong><span style=\"color: #e9bc00;\">ore 10:30<\/span><\/strong><br \/>\nTavola rotonda su<br \/>\n<a href=\"https:\/\/www.sonoterra.it\/edizione2024\/edizione2024\/ospiti\/progetto-bio-arch-biodiversita-e-archeologia\/\"><span style=\"color: #e9bc00;\"><strong>Lo stato dell\u2019arte del Progetto<\/strong><\/span><\/a><br \/>\n<span style=\"color: #e9bc00;\"><strong>Bio.Arch. &#8211; Biodiversit\u00e0<\/strong><\/span><br \/>\n<span style=\"color: #e9bc00;\"><strong>e Archeologia<\/strong><\/span>.<\/p>\n<p><em>Parteciperanno:<\/em><br \/>\n<strong>Prof. Maurizio Cattani<\/strong><br \/>\nDocente di Preistoria e Protostoria,<br \/>\nDipartimento di Archeologia UNIBO<br \/>\ncon gli Archeologi dell&#8217;Univerit\u00e0<br \/>\ndi Bologna;<br \/>\n<strong>Dott.ssa Milena Petriccione<\/strong><br \/>\ndel CREA Centro di ricerca per Olivicoltura, Frutticoltura e Agrumicoltura di Caserta.<\/p>\n<\/div><\/div><div class=\"w-separator size_small\"><\/div><div class=\"w-separator size_small\"><\/div><div class=\"wpb_text_column us_custom_fe886e40\"><div class=\"wpb_wrapper\"><p><strong><span style=\"color: #e9bc00;\">ore 17:30<\/span><\/strong><br \/>\n<span style=\"color: #e9bc00;\"><a style=\"color: #e9bc00;\" href=\"https:\/\/www.sonoterra.it\/edizione2024\/edizione2024\/ospiti\/selene-biffi\/\"><strong>Selene Biffi<\/strong><\/a><\/span><br \/>\nImprenditrice sociale e ideatrice<br \/>\ndell\u2019associazione She works for Peace.<\/p>\n<\/div><\/div><div class=\"w-separator size_small\"><\/div><div class=\"wpb_text_column us_custom_fe886e40\"><div class=\"wpb_wrapper\"><p><strong><span style=\"color: #e9bc00;\">ore 18:00<\/span><\/strong><br \/>\n<span style=\"color: #e9bc00;\"><a style=\"color: #e9bc00;\" href=\"https:\/\/www.sonoterra.it\/edizione2024\/edizione2024\/ospiti\/luigino-bruni\/\"><strong>Prof. Luigino Bruni<\/strong><\/a><\/span><br \/>\nEconomista e Storico<br \/>\ndel pensiero economico.<\/p>\n<p><strong><span style=\"color: #e9bc00;\">ore 19:15<\/span><\/strong><br \/>\n<em>Degustazione dei prodotti<\/em><br \/>\n<em>del territorio.<\/em><\/p>\n<p><strong><span style=\"color: #e9bc00;\">ore 20:30<\/span><\/strong><br \/>\nSpettacolo di e con<br \/>\n<span style=\"color: #333333;\"><a style=\"color: #333333;\" href=\"https:\/\/www.sonoterra.it\/edizione2024\/edizione2024\/ospiti\/gilda-deianira-ciao\/\"><strong>Gilda Deianira Ciao<\/strong><\/a><\/span>,<br \/>\n<em>suoni e musiche dal vivo di<\/em><br \/>\n<strong>Gianfranco Villano<\/strong>.<\/p>\n<\/div><\/div><\/div><\/div><\/div><\/div><\/section>\n","protected":false},"excerpt":{"rendered":"FARE \u2026 quel modo di fare agricoltura che produce paesaggi e genera \u201cbont\u00e0\u201d Il verbo \u201cfare\u201d implica un\u2019azione, mette in moto processi e dinamiche. La produzione di un bene \u00e8 preceduta da un pensiero, da un\u2019idea, spesso da calcoli, stime o valutazioni di ogni genere, che portano poi a fare questo, quello o altro ancora....","protected":false},"author":1,"featured_media":0,"parent":0,"menu_order":0,"comment_status":"closed","ping_status":"closed","template":"","meta":{"_acf_changed":false,"footnotes":""},"class_list":["post-18","page","type-page","status-publish","hentry"],"acf":[],"yoast_head":"<!-- This site is optimized with the Yoast SEO plugin v23.4 - https:\/\/yoast.com\/wordpress\/plugins\/seo\/ -->\n<title>Home - Sono Terra Festival 2024<\/title>\n<meta name=\"robots\" content=\"index, follow, max-snippet:-1, max-image-preview:large, max-video-preview:-1\" \/>\n<link rel=\"canonical\" href=\"https:\/\/www.sonoterra.it\/edizione2024\/\" \/>\n<meta property=\"og:locale\" content=\"it_IT\" \/>\n<meta property=\"og:type\" content=\"article\" \/>\n<meta property=\"og:title\" content=\"Home - Sono Terra Festival 2024\" \/>\n<meta property=\"og:url\" content=\"https:\/\/www.sonoterra.it\/edizione2024\/\" \/>\n<meta property=\"og:site_name\" content=\"Sono Terra Festival 2024\" \/>\n<meta property=\"article:modified_time\" content=\"2025-06-24T15:04:49+00:00\" \/>\n<meta name=\"twitter:card\" content=\"summary_large_image\" \/>\n<meta name=\"twitter:label1\" content=\"Tempo di lettura stimato\" \/>\n\t<meta name=\"twitter:data1\" content=\"2 minuti\" \/>\n<script type=\"application\/ld+json\" class=\"yoast-schema-graph\">{\"@context\":\"https:\/\/schema.org\",\"@graph\":[{\"@type\":\"WebPage\",\"@id\":\"https:\/\/www.sonoterra.it\/edizione2024\/\",\"url\":\"https:\/\/www.sonoterra.it\/edizione2024\/\",\"name\":\"Home - Sono Terra Festival 2024\",\"isPartOf\":{\"@id\":\"https:\/\/www.sonoterra.it\/edizione2024\/#website\"},\"datePublished\":\"2023-09-16T12:07:22+00:00\",\"dateModified\":\"2025-06-24T15:04:49+00:00\",\"breadcrumb\":{\"@id\":\"https:\/\/www.sonoterra.it\/edizione2024\/#breadcrumb\"},\"inLanguage\":\"it-IT\",\"potentialAction\":[{\"@type\":\"ReadAction\",\"target\":[\"https:\/\/www.sonoterra.it\/edizione2024\/\"]}]},{\"@type\":\"BreadcrumbList\",\"@id\":\"https:\/\/www.sonoterra.it\/edizione2024\/#breadcrumb\",\"itemListElement\":[{\"@type\":\"ListItem\",\"position\":1,\"name\":\"Home\",\"item\":\"https:\/\/www.sonoterra.it\/edizione2024\/\"},{\"@type\":\"ListItem\",\"position\":2,\"name\":\"Home\"}]},{\"@type\":\"WebSite\",\"@id\":\"https:\/\/www.sonoterra.it\/edizione2024\/#website\",\"url\":\"https:\/\/www.sonoterra.it\/edizione2024\/\",\"name\":\"Sono Terra Festival 2024\",\"description\":\"Festival\",\"potentialAction\":[{\"@type\":\"SearchAction\",\"target\":{\"@type\":\"EntryPoint\",\"urlTemplate\":\"https:\/\/www.sonoterra.it\/edizione2024\/?s={search_term_string}\"},\"query-input\":{\"@type\":\"PropertyValueSpecification\",\"valueRequired\":true,\"valueName\":\"search_term_string\"}}],\"inLanguage\":\"it-IT\"}]}<\/script>\n<!-- \/ Yoast SEO plugin. -->","yoast_head_json":{"title":"Home - Sono Terra Festival 2024","robots":{"index":"index","follow":"follow","max-snippet":"max-snippet:-1","max-image-preview":"max-image-preview:large","max-video-preview":"max-video-preview:-1"},"canonical":"https:\/\/www.sonoterra.it\/edizione2024\/","og_locale":"it_IT","og_type":"article","og_title":"Home - Sono Terra Festival 2024","og_url":"https:\/\/www.sonoterra.it\/edizione2024\/","og_site_name":"Sono Terra Festival 2024","article_modified_time":"2025-06-24T15:04:49+00:00","twitter_card":"summary_large_image","twitter_misc":{"Tempo di lettura stimato":"2 minuti"},"schema":{"@context":"https:\/\/schema.org","@graph":[{"@type":"WebPage","@id":"https:\/\/www.sonoterra.it\/edizione2024\/","url":"https:\/\/www.sonoterra.it\/edizione2024\/","name":"Home - Sono Terra Festival 2024","isPartOf":{"@id":"https:\/\/www.sonoterra.it\/edizione2024\/#website"},"datePublished":"2023-09-16T12:07:22+00:00","dateModified":"2025-06-24T15:04:49+00:00","breadcrumb":{"@id":"https:\/\/www.sonoterra.it\/edizione2024\/#breadcrumb"},"inLanguage":"it-IT","potentialAction":[{"@type":"ReadAction","target":["https:\/\/www.sonoterra.it\/edizione2024\/"]}]},{"@type":"BreadcrumbList","@id":"https:\/\/www.sonoterra.it\/edizione2024\/#breadcrumb","itemListElement":[{"@type":"ListItem","position":1,"name":"Home","item":"https:\/\/www.sonoterra.it\/edizione2024\/"},{"@type":"ListItem","position":2,"name":"Home"}]},{"@type":"WebSite","@id":"https:\/\/www.sonoterra.it\/edizione2024\/#website","url":"https:\/\/www.sonoterra.it\/edizione2024\/","name":"Sono Terra Festival 2024","description":"Festival","potentialAction":[{"@type":"SearchAction","target":{"@type":"EntryPoint","urlTemplate":"https:\/\/www.sonoterra.it\/edizione2024\/?s={search_term_string}"},"query-input":{"@type":"PropertyValueSpecification","valueRequired":true,"valueName":"search_term_string"}}],"inLanguage":"it-IT"}]}},"_links":{"self":[{"href":"https:\/\/www.sonoterra.it\/edizione2024\/wp-json\/wp\/v2\/pages\/18","targetHints":{"allow":["GET"]}}],"collection":[{"href":"https:\/\/www.sonoterra.it\/edizione2024\/wp-json\/wp\/v2\/pages"}],"about":[{"href":"https:\/\/www.sonoterra.it\/edizione2024\/wp-json\/wp\/v2\/types\/page"}],"author":[{"embeddable":true,"href":"https:\/\/www.sonoterra.it\/edizione2024\/wp-json\/wp\/v2\/users\/1"}],"replies":[{"embeddable":true,"href":"https:\/\/www.sonoterra.it\/edizione2024\/wp-json\/wp\/v2\/comments?post=18"}],"version-history":[{"count":42,"href":"https:\/\/www.sonoterra.it\/edizione2024\/wp-json\/wp\/v2\/pages\/18\/revisions"}],"predecessor-version":[{"id":7017,"href":"https:\/\/www.sonoterra.it\/edizione2024\/wp-json\/wp\/v2\/pages\/18\/revisions\/7017"}],"wp:attachment":[{"href":"https:\/\/www.sonoterra.it\/edizione2024\/wp-json\/wp\/v2\/media?parent=18"}],"curies":[{"name":"wp","href":"https:\/\/api.w.org\/{rel}","templated":true}]}}